{"id":1460,"date":"2023-05-02T13:40:29","date_gmt":"2023-05-02T13:40:29","guid":{"rendered":"https:\/\/campingilsergente.it\/informations-utiles\/"},"modified":"2023-11-07T16:04:08","modified_gmt":"2023-11-07T16:04:08","slug":"informations-utiles","status":"publish","type":"page","link":"https:\/\/campingilsergente.it\/fr\/informations-utiles\/","title":{"rendered":"Informations utiles"},"content":{"rendered":"<p>[et_pb_section fb_built=\u00a0\u00bb1&Prime; _builder_version=\u00a0\u00bb4.20.4&Prime; _module_preset=\u00a0\u00bbdefault\u00a0\u00bb background_color=\u00a0\u00bbrgba(0,0,0,0.5)\u00a0\u00bb background_image=\u00a0\u00bbhttps:\/\/campingilsergente.it\/wp-content\/uploads\/2023\/04\/home-background-camping-il-sergente.webp\u00a0\u00bb background_blend=\u00a0\u00bboverlay\u00a0\u00bb custom_padding=\u00a0\u00bb20px||100px||false|false\u00a0\u00bb global_colors_info=\u00a0\u00bb{}\u00a0\u00bb][et_pb_row _builder_version=\u00a0\u00bb4.20.4&Prime; _module_preset=\u00a0\u00bbdefault\u00a0\u00bb global_colors_info=\u00a0\u00bb{}\u00a0\u00bb][et_pb_column type=\u00a0\u00bb4_4&Prime; _builder_version=\u00a0\u00bb4.20.4&Prime; _module_preset=\u00a0\u00bbdefault\u00a0\u00bb global_colors_info=\u00a0\u00bb{}\u00a0\u00bb][dsm_breadcrumbs show_home_icon=\u00a0\u00bboff\u00a0\u00bb current_bg_color=\u00a0\u00bbRGBA(255,255,255,0)\u00a0\u00bb items_padding=\u00a0\u00bb0px||0px||false|true\u00a0\u00bb _builder_version=\u00a0\u00bb4.20.4&Prime; _module_preset=\u00a0\u00bbdefault\u00a0\u00bb items_text_color=\u00a0\u00bb#FFFFFF\u00a0\u00bb separators_text_color=\u00a0\u00bb#C9B089&Prime; current_text_color=\u00a0\u00bb#FFFFFF\u00a0\u00bb global_colors_info=\u00a0\u00bb{}\u00a0\u00bb][\/dsm_breadcrumbs][et_pb_text _builder_version=\u00a0\u00bb4.20.4&Prime; _module_preset=\u00a0\u00bbdefault\u00a0\u00bb header_text_color=\u00a0\u00bb#FFFFFF\u00a0\u00bb header_font_size=\u00a0\u00bb40px\u00a0\u00bb header_line_height=\u00a0\u00bb1.2em\u00a0\u00bb header_3_font=\u00a0\u00bb|300||on|||||\u00a0\u00bb header_3_text_color=\u00a0\u00bb#FFFFFF\u00a0\u00bb header_3_font_size=\u00a0\u00bb20px\u00a0\u00bb header_3_line_height=\u00a0\u00bb1.2em\u00a0\u00bb global_colors_info=\u00a0\u00bb{}\u00a0\u00bb]<\/p>\n<h3>Avant de partir<\/h3>\n<h1>Informations utiles<\/h1>\n<p>&nbsp;<\/p>\n<p>[\/et_pb_text][dsm_star_rating rating=\u00a0\u00bb4,5&Prime; title=\u00a0\u00bbPlus de 550 avis sur Google\u00a0\u00bb title_inline_position=\u00a0\u00bbright\u00a0\u00bb show_number=\u00a0\u00bboff\u00a0\u00bb _builder_version=\u00a0\u00bb4.20.4&Prime; _module_preset=\u00a0\u00bbdefault\u00a0\u00bb header_level=\u00a0\u00bbh6&Prime; header_font=\u00a0\u00bb|||||||#C9B089|\u00a0\u00bb header_text_color=\u00a0\u00bb#FFFFFF\u00a0\u00bb header_font_size=\u00a0\u00bb16px\u00a0\u00bb rating_number_text_color=\u00a0\u00bb#FFFFFF\u00a0\u00bb background_layout=\u00a0\u00bbdark\u00a0\u00bb global_colors_info=\u00a0\u00bb{}\u00a0\u00bb][\/dsm_star_rating][et_pb_text _builder_version=\u00a0\u00bb4.20.4&Prime; _module_preset=\u00a0\u00bbdefault\u00a0\u00bb link_font=\u00a0\u00bb||||on||||\u00a0\u00bb link_text_color=\u00a0\u00bb#FFFFFF\u00a0\u00bb link_font_size=\u00a0\u00bb12px\u00a0\u00bb global_colors_info=\u00a0\u00bb{}\u00a0\u00bb]<\/p>\n<p><a href=\"http:\/\/www.google.it\/search?q=camping%20il%20sergente%20recensioni\" target=\"_blank\" rel=\"noopener\">Consultez les commentaires  &gt;<\/a><\/p>\n<p>[\/et_pb_text][\/et_pb_column][\/et_pb_row][\/et_pb_section][et_pb_section fb_built=\u00a0\u00bb1&Prime; _builder_version=\u00a0\u00bb4.20.4&Prime; _module_preset=\u00a0\u00bbdefault\u00a0\u00bb global_colors_info=\u00a0\u00bb{}\u00a0\u00bb][et_pb_row column_structure=\u00a0\u00bb1_2,1_2&Prime; _builder_version=\u00a0\u00bb4.20.4&Prime; _module_preset=\u00a0\u00bbdefault\u00a0\u00bb global_colors_info=\u00a0\u00bb{}\u00a0\u00bb][et_pb_column type=\u00a0\u00bb1_2&Prime; _builder_version=\u00a0\u00bb4.20.4&Prime; _module_preset=\u00a0\u00bbdefault\u00a0\u00bb global_colors_info=\u00a0\u00bb{}\u00a0\u00bb][et_pb_toggle title=\u00a0\u00bbAvant de partir\u00a0\u00bb open_toggle_text_color=\u00a0\u00bb#000000&Prime; icon_color=\u00a0\u00bb#000000&Prime; toggle_icon=\u00a0\u00bb&#x33;||divi||400&Prime; use_icon_font_size=\u00a0\u00bbon\u00a0\u00bb icon_font_size=\u00a0\u00bb32px\u00a0\u00bb open_icon_color=\u00a0\u00bb#000000&Prime; open_toggle_icon=\u00a0\u00bb&#x32;||divi||400&Prime; open_use_icon_font_size=\u00a0\u00bbon\u00a0\u00bb open_icon_font_size=\u00a0\u00bb32px\u00a0\u00bb _builder_version=\u00a0\u00bb4.21.2&Prime; _module_preset=\u00a0\u00bbdefault\u00a0\u00bb title_text_color=\u00a0\u00bb#000000&Prime; title_level=\u00a0\u00bbh2&Prime; title_font_size=\u00a0\u00bb25px\u00a0\u00bb body_text_color=\u00a0\u00bb#000000&Prime; body_font_size=\u00a0\u00bb12px\u00a0\u00bb background_color=\u00a0\u00bbRGBA(255,255,255,0)\u00a0\u00bb border_width_all=\u00a0\u00bb0px\u00a0\u00bb border_width_bottom=\u00a0\u00bb1px\u00a0\u00bb global_colors_info=\u00a0\u00bb{}\u00a0\u00bb]<\/p>\n<p><b>Heures d&rsquo;ouverture de la r\u00e9ception et heures d&rsquo;arriv\u00e9e et de d\u00e9part<\/b><\/p>\n<p><b>La r\u00e9ception est ouverte de 7 heures \u00e0 22 heures.<\/b><br \/>L&rsquo;enregistrement se fait \u00e0 partir de 13h00 pour tous les h\u00e9bergements et \u00e0 partir de 09h00 pour les emplacements.<br \/>D\u00e9part avant 10 heures pour tous les h\u00e9bergements, avant 12 heures pour les emplacements.<\/p>\n<p>&#8211; L&rsquo;<b>enregistrement anticip\u00e9<\/b> est possible sous r\u00e9serve de disponibilit\u00e9. Pour plus d&rsquo;informations, veuillez contacter la r\u00e9ception.<\/p>\n<ul>\n<li><span><b>Le d\u00e9part tardif<\/b> est possible sous r\u00e9serve de disponibilit\u00e9. Pour plus d&rsquo;informations, veuillez contacter la r\u00e9ception.<\/span><\/li>\n<\/ul>\n<p><b>Taxe de s\u00e9jour<\/b><\/p>\n<p>La taxe de s\u00e9jour est de 0,50 \u20ac par personne et par nuit, jusqu&rsquo;\u00e0 6 nuits.<\/p>\n<p>Ils sont exempt\u00e9s de paiement :<br \/>&#8211; Enfants de moins de 14 ans ;<br \/>&#8211; Les personnes qui s&rsquo;occupent des patients dans les h\u00f4pitaux publics ou priv\u00e9s ;<br \/>&#8211; Patients recevant un traitement hospitalier ;<br \/>&#8211; Application de la loi ;<br \/>&#8211; Les personnes handicap\u00e9es titulaires d&rsquo;un certificat ;<br \/>&#8211; Employ\u00e9s d&rsquo;h\u00f4tels et de centres d&rsquo;h\u00e9bergement.<\/p>\n<p>[\/et_pb_toggle][et_pb_toggle title=\u00a0\u00bbCamping\u00a0\u00bb open_toggle_text_color=\u00a0\u00bb#000000&Prime; icon_color=\u00a0\u00bb#000000&Prime; toggle_icon=\u00a0\u00bb&#x33;||divi||400&Prime; use_icon_font_size=\u00a0\u00bbon\u00a0\u00bb icon_font_size=\u00a0\u00bb32px\u00a0\u00bb open_icon_color=\u00a0\u00bb#000000&Prime; open_toggle_icon=\u00a0\u00bb&#x32;||divi||400&Prime; open_use_icon_font_size=\u00a0\u00bbon\u00a0\u00bb open_icon_font_size=\u00a0\u00bb32px\u00a0\u00bb _builder_version=\u00a0\u00bb4.20.4&Prime; _module_preset=\u00a0\u00bbdefault\u00a0\u00bb title_text_color=\u00a0\u00bb#000000&Prime; title_level=\u00a0\u00bbh2&Prime; title_font_size=\u00a0\u00bb25px\u00a0\u00bb body_text_color=\u00a0\u00bb#000000&Prime; body_font_size=\u00a0\u00bb12px\u00a0\u00bb background_color=\u00a0\u00bbRGBA(255,255,255,0)\u00a0\u00bb border_width_all=\u00a0\u00bb0px\u00a0\u00bb border_width_bottom=\u00a0\u00bb1px\u00a0\u00bb global_colors_info=\u00a0\u00bb{}\u00a0\u00bb]<\/p>\n<p><b>Services de r\u00e9ception<\/b><\/p>\n<ul>\n<li><span>Enregistrement et d\u00e9part<\/span><\/li>\n<li><span>Service client\u00e8le (\u00e9galement par t\u00e9l\u00e9phone)<\/span><\/li>\n<li><span>Location de linge et d&rsquo;articles de toilette (clients directs)<\/span><\/li>\n<li><span>D\u00e9part anticip\u00e9 ou prolongation du s\u00e9jour<\/span><\/li>\n<li><span>Signaler les probl\u00e8mes techniques et la maintenance<\/span><\/li>\n<li><span>Carte du Mugello, de Florence et des <b>itin\u00e9raires de contournement<\/b><\/span><\/li>\n<li><span>Achat de s\u00e8che-linge et de machines \u00e0 laver<\/span><\/li>\n<\/ul>\n<p>Il est possible de garer sa voiture sur le parking \u00e0 l&rsquo;int\u00e9rieur du camping.<\/p>\n<p><b>Suppl\u00e9ments pour loyers<\/b><\/p>\n<p>Les locations sont disponibles \u00e0 la r\u00e9ception :<br \/>&#8211; Jeu de serviettes et jeu de draps pour \u20ac 5.00<br \/>&#8211; C\u00e2bles adaptateurs pour prises CEE<br \/>&#8211; S\u00e8che-cheveux, en laissant une caution qui sera restitu\u00e9e \u00e0 la fin de l&rsquo;utilisation.<\/p>\n<p><b>Ouverture de la piscine<\/b><\/p>\n<p>Le parc aquatique est ouvert \u00e0 partir du <b>15\/06<\/b> avec les horaires suivants :<\/p>\n<p><b>Haute saison<br \/><\/b>9:00 &#8211; 19:00<\/p>\n<p>Les piscines sont \u00e0 l&rsquo;usage exclusif des h\u00f4tes.<\/p>\n<p><b>Comment se d\u00e9placer dans le camping<\/b><\/p>\n<p>Pour aller au Mugello depuis le camping, vous pouvez prendre le bus, l&rsquo;arr\u00eat se trouve \u00e0 quelques m\u00e8tres de l&rsquo;entr\u00e9e. Le bus vous conduira \u00e0 la gare de San Piero a Sieve o\u00f9 vous pourrez prendre d&rsquo;autres bus pour le Mugello ou le train direct pour la gare centrale de Santa Maria Novella. Pour le retour, il suffit de faire la m\u00eame chose et de descendre \u00e0 l&rsquo;arr\u00eat situ\u00e9 devant le Camping il Sergente.<\/p>\n<p>&#8211; Service de taxi depuis et vers les principales gares et les a\u00e9roports.<\/p>\n<p><b><\/b><\/p>\n<p><b><\/b><\/p>\n<p><b>Heures de silence<\/b><\/p>\n<p>Le camping respecte une p\u00e9riode de calme <b>de 23 heures \u00e0 7 heures du matin<\/b>. Pendant ces heures, il est interdit de conduire des v\u00e9hicules \u00e0 moteur, de monter ou de d\u00e9monter des tentes et, d&rsquo;une mani\u00e8re g\u00e9n\u00e9rale, de d\u00e9ranger les autres h\u00f4tes. Si vous arrivez en voiture pendant les heures creuses, vous devrez laisser votre voiture dans le parking, situ\u00e9 en face de la r\u00e9ception, et marcher jusqu&rsquo;\u00e0 votre logement.<\/p>\n<p><b>Ami des animaux<\/b><\/p>\n<p><b>Les animaux domestiques sont admis dans tous nos h\u00e9bergements<\/b>, sous r\u00e9serve de certaines observations.<\/p>\n<p>Tous les animaux doivent \u00eatre en r\u00e8gle sur le plan sanitaire, comme en t\u00e9moigne le carnet de vaccination. En cas d&rsquo;accident avec un tiers, la responsabilit\u00e9 est enti\u00e8rement support\u00e9e par le propri\u00e9taire.<\/p>\n<p>Les animaux de grande taille ou de races consid\u00e9r\u00e9es comme dangereuses ne sont autoris\u00e9s que si cela a \u00e9t\u00e9 convenu \u00e0 l&rsquo;avance avec la direction.<\/p>\n<p>Tous les animaux doivent \u00eatre gard\u00e9s de mani\u00e8re \u00e0 ne pas d\u00e9ranger ou endommager les autres h\u00f4tes ou les biens du village. Les propri\u00e9taires sont responsables de tout dommage.<\/p>\n<p>Les chiens doivent \u00eatre tenus en laisse en permanence et ne peuvent pas p\u00e9n\u00e9trer dans l&rsquo;enceinte de la piscine, des aires de sport, des aires de jeux et des restaurants.<\/p>\n<p><b>Services pour les personnes handicap\u00e9es<\/b><\/p>\n<p>Pour les personnes \u00e0 mobilit\u00e9 r\u00e9duite, il existe des <b>logements<\/b> dont l&rsquo;acc\u00e8s est facilit\u00e9, avec des espaces int\u00e9rieurs faciles d&rsquo;acc\u00e8s, une salle de bain agr\u00e9\u00e9e pour les personnes handicap\u00e9es et une rampe d&rsquo;acc\u00e8s.<\/p>\n<p>En outre, la piscine, la r\u00e9ception, les restaurants et le march\u00e9 sont facilement accessibles.<\/p>\n<p>Il y a des salles de bains agr\u00e9\u00e9es dans l&rsquo;\u00e9tablissement, pr\u00e8s de la piscine.<\/p>\n<p><b><\/b><\/p>\n<p><b><\/b><\/p>\n<p><b>Wi-Fi<\/b><\/p>\n<p>Couverture garantie dans les zones communes et la majeure partie du camping.<\/p>\n<p><b>Installations sportives et aires de jeux<\/b><\/p>\n<p>Le camping dispose d&rsquo;une <b>zone sportive<\/b> avec un terrain de football \u00e0 cinq, un court de tennis, une piste de bowling et un terrain de tir \u00e0 l&rsquo;arc.<\/p>\n<p>Dans la zone adjacente \u00e0 la piscine, il y a une aire de jeux avec trampoline.<\/p>\n<p><b>Blanchisserie<\/b><\/p>\n<p>Le camping dispose de machines \u00e0 laver et de s\u00e8che-linge en libre-service <b>24 heures sur 24<\/b>, au prix de 4 euros par cycle de lavage et de 2 euros par cycle de s\u00e9chage.<\/p>\n<p><b>Recyclage<\/b><\/p>\n<p>Pour nous, le respect de l&rsquo;environnement et de la nature passe avant tout. Vous aussi, vous pouvez aider l&rsquo;environnement en triant vos d\u00e9chets. Sur le camping, vous trouverez un \u00eelot \u00e9cologique avec des poubelles en suivant les indications.<\/p>\n<p><b>Parking<\/b><\/p>\n<p>Le stationnement est gratuit \u00e0 l&rsquo;int\u00e9rieur du camping.<\/p>\n<p>[\/et_pb_toggle][et_pb_toggle title=\u00a0\u00bbRestauration, bar et march\u00e9\u00a0\u00bb open_toggle_text_color=\u00a0\u00bb#000000&Prime; icon_color=\u00a0\u00bb#000000&Prime; toggle_icon=\u00a0\u00bb&#x33;||divi||400&Prime; use_icon_font_size=\u00a0\u00bbon\u00a0\u00bb icon_font_size=\u00a0\u00bb32px\u00a0\u00bb open_icon_color=\u00a0\u00bb#000000&Prime; open_toggle_icon=\u00a0\u00bb&#x32;||divi||400&Prime; open_use_icon_font_size=\u00a0\u00bbon\u00a0\u00bb open_icon_font_size=\u00a0\u00bb32px\u00a0\u00bb _builder_version=\u00a0\u00bb4.20.4&Prime; _module_preset=\u00a0\u00bbdefault\u00a0\u00bb title_text_color=\u00a0\u00bb#000000&Prime; title_level=\u00a0\u00bbh2&Prime; title_font_size=\u00a0\u00bb25px\u00a0\u00bb body_text_color=\u00a0\u00bb#000000&Prime; body_font_size=\u00a0\u00bb12px\u00a0\u00bb background_color=\u00a0\u00bbRGBA(255,255,255,0)\u00a0\u00bb border_width_all=\u00a0\u00bb0px\u00a0\u00bb border_width_bottom=\u00a0\u00bb1px\u00a0\u00bb global_colors_info=\u00a0\u00bb{}\u00a0\u00bb]<\/p>\n<p>A l&rsquo;int\u00e9rieur du Camping il Sergente, vous trouverez \u00e0 c\u00f4t\u00e9 de la r\u00e9ception un bar, un restaurant, une pizzeria et une sup\u00e9rette.<span class=\"Apple-converted-space\"> <\/span><\/p>\n<p><b>Heures d&rsquo;ouverture Restauration<\/b><\/p>\n<p><b>12:00 &#8211; 14:30 \/ 19:00 &#8211; 22:30<\/b><\/p>\n<p><b>Heures d&rsquo;ouverture du bar et de la sup\u00e9rette<\/b><\/p>\n<p><b>7:00 &#8211; 23:00<\/b><\/p>\n<p>[\/et_pb_toggle][\/et_pb_column][et_pb_column type=\u00a0\u00bb1_2&Prime; _builder_version=\u00a0\u00bb4.20.4&Prime; _module_preset=\u00a0\u00bbdefault\u00a0\u00bb global_colors_info=\u00a0\u00bb{}\u00a0\u00bb][et_pb_toggle title=\u00a0\u00bbH\u00e9bergement\u00a0\u00bb open_toggle_text_color=\u00a0\u00bb#000000&Prime; icon_color=\u00a0\u00bb#000000&Prime; toggle_icon=\u00a0\u00bb&#x33;||divi||400&Prime; use_icon_font_size=\u00a0\u00bbon\u00a0\u00bb icon_font_size=\u00a0\u00bb32px\u00a0\u00bb open_icon_color=\u00a0\u00bb#000000&Prime; open_toggle_icon=\u00a0\u00bb&#x32;||divi||400&Prime; open_use_icon_font_size=\u00a0\u00bbon\u00a0\u00bb open_icon_font_size=\u00a0\u00bb32px\u00a0\u00bb _builder_version=\u00a0\u00bb4.20.4&Prime; _module_preset=\u00a0\u00bbdefault\u00a0\u00bb title_text_color=\u00a0\u00bb#000000&Prime; title_level=\u00a0\u00bbh2&Prime; title_font_size=\u00a0\u00bb25px\u00a0\u00bb body_text_color=\u00a0\u00bb#000000&Prime; body_font_size=\u00a0\u00bb12px\u00a0\u00bb background_color=\u00a0\u00bbRGBA(255,255,255,0)\u00a0\u00bb border_width_all=\u00a0\u00bb0px\u00a0\u00bb border_width_bottom=\u00a0\u00bb1px\u00a0\u00bb global_colors_info=\u00a0\u00bb{}\u00a0\u00bb]<\/p>\n<p><b>Propret\u00e9 du logement<\/b><\/p>\n<p><b>Le nettoyage final est inclus dans le s\u00e9jour.<\/b><\/p>\n<p>Un <b>nettoyage suppl\u00e9mentaire<\/b> pendant le s\u00e9jour est possible sur demande et le co\u00fbt doit \u00eatre communiqu\u00e9 \u00e0 la r\u00e9ception.<\/p>\n<p><b>Emplacements<\/b><\/p>\n<p>L&rsquo;\u00e9lectricit\u00e9 est disponible sur les emplacements.<\/p>\n<p>Pour les camping-cars d&rsquo;une longueur sup\u00e9rieure \u00e0 <b>8 m<\/b>, demander la disponibilit\u00e9.<\/p>\n<p>[\/et_pb_toggle][et_pb_toggle title=\u00a0\u00bbContact\u00a0\u00bb open_toggle_text_color=\u00a0\u00bb#000000&Prime; icon_color=\u00a0\u00bb#000000&Prime; toggle_icon=\u00a0\u00bb&#x33;||divi||400&Prime; use_icon_font_size=\u00a0\u00bbon\u00a0\u00bb icon_font_size=\u00a0\u00bb32px\u00a0\u00bb open_icon_color=\u00a0\u00bb#000000&Prime; open_toggle_icon=\u00a0\u00bb&#x32;||divi||400&Prime; open_use_icon_font_size=\u00a0\u00bbon\u00a0\u00bb open_icon_font_size=\u00a0\u00bb32px\u00a0\u00bb _builder_version=\u00a0\u00bb4.20.4&Prime; _module_preset=\u00a0\u00bbdefault\u00a0\u00bb title_text_color=\u00a0\u00bb#000000&Prime; title_level=\u00a0\u00bbh2&Prime; title_font_size=\u00a0\u00bb25px\u00a0\u00bb body_text_color=\u00a0\u00bb#000000&Prime; body_font_size=\u00a0\u00bb12px\u00a0\u00bb body_link_font=\u00a0\u00bb||||on||||\u00a0\u00bb body_link_text_color=\u00a0\u00bb#C9B089&Prime; background_color=\u00a0\u00bbRGBA(255,255,255,0)\u00a0\u00bb border_width_all=\u00a0\u00bb0px\u00a0\u00bb border_width_bottom=\u00a0\u00bb1px\u00a0\u00bb global_colors_info=\u00a0\u00bb{}\u00a0\u00bb]<\/p>\n<p><b>Informations et r\u00e9servations<\/b><\/p>\n<p>(+39) 0558423018<\/p>\n<p><a href=\"mailto:info@campingilsergente.it\" target=\"_blank\" rel=\"noopener\">info@campingilsergente.it<\/a><\/p>\n<p>[\/et_pb_toggle][\/et_pb_column][\/et_pb_row][\/et_pb_section][et_pb_section fb_built=\u00a0\u00bb1&Prime; _builder_version=\u00a0\u00bb4.20.4&Prime; _module_preset=\u00a0\u00bbdefault\u00a0\u00bb global_colors_info=\u00a0\u00bb{}\u00a0\u00bb][et_pb_row _builder_version=\u00a0\u00bb4.20.4&Prime; _module_preset=\u00a0\u00bbdefault\u00a0\u00bb global_colors_info=\u00a0\u00bb{}\u00a0\u00bb][et_pb_column type=\u00a0\u00bb4_4&Prime; _builder_version=\u00a0\u00bb4.20.4&Prime; _module_preset=\u00a0\u00bbdefault\u00a0\u00bb global_colors_info=\u00a0\u00bb{}\u00a0\u00bb][et_pb_text _builder_version=\u00a0\u00bb4.21.2&Prime; _module_preset=\u00a0\u00bbdefault\u00a0\u00bb header_font=\u00a0\u00bb||||||||\u00a0\u00bb header_line_height=\u00a0\u00bb1.2em\u00a0\u00bb header_3_font=\u00a0\u00bb|300|||||||\u00a0\u00bb header_3_font_size=\u00a0\u00bb15px\u00a0\u00bb global_colors_info=\u00a0\u00bb{}\u00a0\u00bb]<\/p>\n<h2>Avant la r\u00e9servation<\/h2>\n<p>Informations utiles<\/p>\n<p>[\/et_pb_text][\/et_pb_column][\/et_pb_row][et_pb_row column_structure=\u00a0\u00bb1_3,1_3,1_3&Prime; _builder_version=\u00a0\u00bb4.20.4&Prime; _module_preset=\u00a0\u00bbdefault\u00a0\u00bb global_colors_info=\u00a0\u00bb{}\u00a0\u00bb][et_pb_column type=\u00a0\u00bb1_3&Prime; _builder_version=\u00a0\u00bb4.20.4&Prime; _module_preset=\u00a0\u00bbdefault\u00a0\u00bb global_colors_info=\u00a0\u00bb{}\u00a0\u00bb][et_pb_blurb title=\u00a0\u00bbArriv\u00e9e\u00a0\u00bb use_icon=\u00a0\u00bbon\u00a0\u00bb font_icon=\u00a0\u00bb&#xf073;||fa||400&Prime; icon_color=\u00a0\u00bb#C9B089&Prime; icon_placement=\u00a0\u00bbleft\u00a0\u00bb image_icon_width=\u00a0\u00bb32px\u00a0\u00bb _builder_version=\u00a0\u00bb4.23&Prime; _module_preset=\u00a0\u00bbdefault\u00a0\u00bb body_font_size=\u00a0\u00bb12px\u00a0\u00bb hover_enabled=\u00a0\u00bb0&Prime; global_colors_info=\u00a0\u00bb{}\u00a0\u00bb sticky_enabled=\u00a0\u00bb0&Prime;]<\/p>\n<p><span>La r\u00e9ception est ouverte de 7 heures \u00e0 22 heures.<\/span><br \/><span>L&rsquo;enregistrement est possible \u00e0 partir de 15h00 pour tous les h\u00e9bergements et \u00e0 partir de 09h00 pour les emplacements. La taxe de s\u00e9jour est payable sur place.<\/span><\/p>\n<p>[\/et_pb_blurb][\/et_pb_column][et_pb_column type=\u00a0\u00bb1_3&Prime; _builder_version=\u00a0\u00bb4.20.4&Prime; _module_preset=\u00a0\u00bbdefault\u00a0\u00bb global_colors_info=\u00a0\u00bb{}\u00a0\u00bb][et_pb_blurb title=\u00a0\u00bbD\u00e9part\u00a0\u00bb use_icon=\u00a0\u00bbon\u00a0\u00bb font_icon=\u00a0\u00bb&#xf073;||fa||400&Prime; icon_color=\u00a0\u00bb#C9B089&Prime; icon_placement=\u00a0\u00bbleft\u00a0\u00bb image_icon_width=\u00a0\u00bb32px\u00a0\u00bb _builder_version=\u00a0\u00bb4.20.4&Prime; _module_preset=\u00a0\u00bbdefault\u00a0\u00bb body_font_size=\u00a0\u00bb12px\u00a0\u00bb global_colors_info=\u00a0\u00bb{}\u00a0\u00bb]<\/p>\n<p><span>D\u00e9part avant 10 heures pour tous les h\u00e9bergements, avant 12 heures pour les emplacements.<\/span><br \/><span>Le d\u00e9part tardif est possible sous r\u00e9serve de disponibilit\u00e9. Pour plus d&rsquo;informations, veuillez contacter la r\u00e9ception.<\/span><\/p>\n<p>[\/et_pb_blurb][\/et_pb_column][et_pb_column type=\u00a0\u00bb1_3&Prime; _builder_version=\u00a0\u00bb4.20.4&Prime; _module_preset=\u00a0\u00bbdefault\u00a0\u00bb global_colors_info=\u00a0\u00bb{}\u00a0\u00bb][et_pb_blurb title=\u00a0\u00bbEnfants et lits\u00a0\u00bb use_icon=\u00a0\u00bbon\u00a0\u00bb font_icon=\u00a0\u00bb&#xf77c;||fa||900&Prime; icon_color=\u00a0\u00bb#C9B089&Prime; icon_placement=\u00a0\u00bbleft\u00a0\u00bb image_icon_width=\u00a0\u00bb32px\u00a0\u00bb _builder_version=\u00a0\u00bb4.20.4&Prime; _module_preset=\u00a0\u00bbdefault\u00a0\u00bb body_font_size=\u00a0\u00bb12px\u00a0\u00bb global_colors_info=\u00a0\u00bb{}\u00a0\u00bb]<\/p>\n<p><span>Les enfants de tous \u00e2ges sont les bienvenus. Pour obtenir des informations correctes sur les prix et l&rsquo;occupation, ajoutez le nombre et l&rsquo;\u00e2ge des enfants \u00e0 la recherche. Le co\u00fbt du lit d&rsquo;enfant &#8211; lit d&rsquo;enfant (\u20ac 5.00 par s\u00e9jour)<\/span><\/p>\n<p>[\/et_pb_blurb][\/et_pb_column][\/et_pb_row][et_pb_row column_structure=\u00a0\u00bb1_3,1_3,1_3&Prime; _builder_version=\u00a0\u00bb4.20.4&Prime; _module_preset=\u00a0\u00bbdefault\u00a0\u00bb global_colors_info=\u00a0\u00bb{}\u00a0\u00bb][et_pb_column type=\u00a0\u00bb1_3&Prime; _builder_version=\u00a0\u00bb4.20.4&Prime; _module_preset=\u00a0\u00bbdefault\u00a0\u00bb global_colors_info=\u00a0\u00bb{}\u00a0\u00bb][et_pb_blurb title=\u00a0\u00bb\u00c2ge minimum\u00a0\u00bb use_icon=\u00a0\u00bbon\u00a0\u00bb font_icon=\u00a0\u00bb&#xf1ae;||fa||900&Prime; icon_color=\u00a0\u00bb#C9B089&Prime; icon_placement=\u00a0\u00bbleft\u00a0\u00bb image_icon_width=\u00a0\u00bb32px\u00a0\u00bb _builder_version=\u00a0\u00bb4.20.4&Prime; _module_preset=\u00a0\u00bbdefault\u00a0\u00bb body_font_size=\u00a0\u00bb12px\u00a0\u00bb global_colors_info=\u00a0\u00bb{}\u00a0\u00bb]<\/p>\n<p><span>L&rsquo;\u00e2ge minimum pour l&rsquo;enregistrement est de 18 ans.<\/span><\/p>\n<p>[\/et_pb_blurb][\/et_pb_column][et_pb_column type=\u00a0\u00bb1_3&Prime; _builder_version=\u00a0\u00bb4.20.4&Prime; _module_preset=\u00a0\u00bbdefault\u00a0\u00bb global_colors_info=\u00a0\u00bb{}\u00a0\u00bb][et_pb_blurb title=\u00a0\u00bbD\u00e9part\u00a0\u00bb use_icon=\u00a0\u00bbon\u00a0\u00bb font_icon=\u00a0\u00bb&#xf1b0;||fa||900&Prime; icon_color=\u00a0\u00bb#C9B089&Prime; icon_placement=\u00a0\u00bbleft\u00a0\u00bb image_icon_width=\u00a0\u00bb32px\u00a0\u00bb _builder_version=\u00a0\u00bb4.20.4&Prime; _module_preset=\u00a0\u00bbdefault\u00a0\u00bb body_font_size=\u00a0\u00bb12px\u00a0\u00bb global_colors_info=\u00a0\u00bb{}\u00a0\u00bb]<\/p>\n<p><span>Animaux admis sur demande. Des frais de nettoyage suppl\u00e9mentaires sont factur\u00e9s.<\/span><\/p>\n<p>[\/et_pb_blurb][\/et_pb_column][et_pb_column type=\u00a0\u00bb1_3&Prime; _builder_version=\u00a0\u00bb4.20.4&Prime; _module_preset=\u00a0\u00bbdefault\u00a0\u00bb global_colors_info=\u00a0\u00bb{}\u00a0\u00bb][et_pb_blurb title=\u00a0\u00bbCartes de cr\u00e9dit\u00a0\u00bb use_icon=\u00a0\u00bbon\u00a0\u00bb font_icon=\u00a0\u00bb&#xf09d;||fa||400&Prime; icon_color=\u00a0\u00bb#C9B089&Prime; icon_placement=\u00a0\u00bbleft\u00a0\u00bb image_icon_width=\u00a0\u00bb32px\u00a0\u00bb _builder_version=\u00a0\u00bb4.20.4&Prime; _module_preset=\u00a0\u00bbdefault\u00a0\u00bb body_font_size=\u00a0\u00bb12px\u00a0\u00bb global_colors_info=\u00a0\u00bb{}\u00a0\u00bb]<\/p>\n<p><span>Camping il Sergente &#8211; accepte les cartes de cr\u00e9dit suivantes (VISA, MASTERCARD, MAESTRO, CARTASI, UNIONPAY et ATM CARD)<\/span><\/p>\n<p>[\/et_pb_blurb][\/et_pb_column][\/et_pb_row][\/et_pb_section]<\/p>\n","protected":false},"excerpt":{"rendered":"<p><div class=\"et_pb_module dsm_breadcrumbs dsm_breadcrumbs_0\">\n\t\t\t\t\n\t\t\t\t\n\t\t\t\t\n\t\t\t\t\n\t\t\t\t\n\t\t\t\t\n\t\t\t\t<div class=\"et_pb_module_inner\">\n\t\t\t\t\t<nav class=\"dsm_breadcrumbs_wrap\">\n\t\t\t\t<ul class=\"dsm_breadcrumbs\" itemscope itemtype=\"https:\/\/schema.org\/BreadcrumbList\">\t\t\t<li class=\"dsm_breadcrumbs_item dsm_home_item dsm_home_item_custom\" itemprop=\"itemListElement\" itemscope\n\t\t\titemtype=\"https:\/\/schema.org\/ListItem\">\n\t\t\t\t<a href=\"https:\/\/campingilsergente.it\/fr\/\" itemprop=\"item\" target=\"\">\n\t\t\t\t\t<span class='dsm_home_text_wrapper'>\n\t\t\t\t\t\t\t\t\t\t\t\t\t<span class=\"dsm_home_text\" itemprop=\"name\">\n\t\t\t\t\t\t\t\tHome\t\t\t\t\t\t\t<\/span>\n\t\t\t\t\t<\/span>\n\t\t\t\t<\/a>\n\t\t\t\t<meta itemprop=\"position\" content=\"1\" \/>\n\t\t\t<\/li>\n\n\t\t<li class=\"dsm_breadcrumbs_separator\"> <span class=\"et-pb-icon dsm_separator_icon\">5<\/span><\/li><\/ul>\n\t\t\t<\/nav>\n\t\t\t\t<\/div>\n\t\t\t<\/div>Avant de partir Informations utiles &nbsp;<div class=\"et_pb_module dsm_star_rating dsm_star_rating_0  et_pb_bg_layout_dark\">\n\t\t\t\t\n\t\t\t\t\n\t\t\t\t\n\t\t\t\t\n\t\t\t\t\n\t\t\t\t\n\t\t\t\t<div class=\"et_pb_module_inner\">\n\t\t\t\t\t<div class=\"dsm-star-rating-wrapper dsm-star-display-type-inline-block dsm-star-title-position-right\">\n\t\t\t\t<div class=\"dsm-star-rating\" title=\"4\/5\"><i class=\"dsm-star-full\">\u2606<\/i><i class=\"dsm-star-full\">\u2606<\/i><i class=\"dsm-star-full\">\u2606<\/i><i class=\"dsm-star-full\">\u2606<\/i><i class=\"dsm-star-0\">\u2606<\/i><\/div><h6 class=\"dsm-star-rating-title et_pb_module_header\"><span >Plus de 550 avis sur Google<\/span><\/h6>\n\t\t\t\t<\/div>\n\t\t\t\t<\/div>\n\t\t\t<\/div>Consultez les commentaires &gt;Heures d&rsquo;ouverture de la r\u00e9ception et heures d&rsquo;arriv\u00e9e et de d\u00e9part La r\u00e9ception est ouverte de 7 heures \u00e0 22 heures.L&rsquo;enregistrement se fait \u00e0 partir de 13h00 pour tous les h\u00e9bergements et \u00e0 partir de 09h00 pour les emplacements.D\u00e9part avant 10 heures pour tous les h\u00e9bergements, avant 12 heures pour les emplacements. &#8211; L&rsquo;enregistrement anticip\u00e9 est possible sous r\u00e9serve de disponibilit\u00e9. Pour plus d&rsquo;informations, veuillez contacter la r\u00e9ception. Le d\u00e9part tardif est possible sous r\u00e9serve de disponibilit\u00e9. Pour plus d&rsquo;informations, veuillez contacter la r\u00e9ception. Taxe de s\u00e9jour La taxe de s\u00e9jour est de 0,50 \u20ac par personne et par nuit, jusqu&rsquo;\u00e0 6 nuits. Ils sont exempt\u00e9s de paiement :- Enfants de moins de 14 ans ;- Les personnes qui s&rsquo;occupent des patients dans les h\u00f4pitaux publics ou priv\u00e9s ;- Patients recevant un traitement hospitalier ;- Application de la loi ;- Les personnes handicap\u00e9es titulaires d&rsquo;un certificat ;- Employ\u00e9s d&rsquo;h\u00f4tels et de centres d&rsquo;h\u00e9bergement.Services de r\u00e9ception Enregistrement et d\u00e9part Service client\u00e8le (\u00e9galement par t\u00e9l\u00e9phone) Location de [&hellip;]<\/p>\n","protected":false},"author":1,"featured_media":0,"parent":0,"menu_order":0,"comment_status":"closed","ping_status":"closed","template":"","meta":{"_et_pb_use_builder":"on","_et_pb_old_content":"","_et_gb_content_width":"","footnotes":""},"class_list":["post-1460","page","type-page","status-publish","hentry"],"yoast_head":"<!-- This site is optimized with the Yoast SEO plugin v27.2 - https:\/\/yoast.com\/product\/yoast-seo-wordpress\/ -->\n<title>Camping Il Sergente | Informations utiles<\/title>\n<meta name=\"description\" content=\"Toutes les informations utiles \u00e0 conna\u00eetre avant de partir et pour mieux organiser vos vacances en camping.\" \/>\n<meta name=\"robots\" content=\"index, follow, max-snippet:-1, max-image-preview:large, max-video-preview:-1\" \/>\n<link rel=\"canonical\" href=\"https:\/\/campingilsergente.it\/fr\/informations-utiles\/\" \/>\n<meta property=\"og:locale\" content=\"fr_FR\" \/>\n<meta property=\"og:type\" content=\"article\" \/>\n<meta property=\"og:title\" content=\"Camping Il Sergente | Informations utiles\" \/>\n<meta property=\"og:description\" content=\"Toutes les informations utiles \u00e0 conna\u00eetre avant de partir et pour mieux organiser vos vacances en camping.\" \/>\n<meta property=\"og:url\" content=\"https:\/\/campingilsergente.it\/fr\/informations-utiles\/\" \/>\n<meta property=\"og:site_name\" content=\"campingilsergente\" \/>\n<meta property=\"article:publisher\" content=\"https:\/\/www.facebook.com\/Camping-Il-Sergente-109062715608192\" \/>\n<meta property=\"article:modified_time\" content=\"2023-11-07T16:04:08+00:00\" \/>\n<meta name=\"twitter:card\" content=\"summary_large_image\" \/>\n<meta name=\"twitter:label1\" content=\"Dur\u00e9e de lecture estim\u00e9e\" \/>\n\t<meta name=\"twitter:data1\" content=\"11 minutes\" \/>\n<script type=\"application\/ld+json\" class=\"yoast-schema-graph\">{\"@context\":\"https:\/\/schema.org\",\"@graph\":[{\"@type\":\"WebPage\",\"@id\":\"https:\/\/campingilsergente.it\/fr\/informations-utiles\/\",\"url\":\"https:\/\/campingilsergente.it\/fr\/informations-utiles\/\",\"name\":\"Camping Il Sergente | Informations utiles\",\"isPartOf\":{\"@id\":\"https:\/\/campingilsergente.it\/fr\/#website\"},\"datePublished\":\"2023-05-02T13:40:29+00:00\",\"dateModified\":\"2023-11-07T16:04:08+00:00\",\"description\":\"Toutes les informations utiles \u00e0 conna\u00eetre avant de partir et pour mieux organiser vos vacances en camping.\",\"breadcrumb\":{\"@id\":\"https:\/\/campingilsergente.it\/fr\/informations-utiles\/#breadcrumb\"},\"inLanguage\":\"fr-FR\",\"potentialAction\":[{\"@type\":\"ReadAction\",\"target\":[\"https:\/\/campingilsergente.it\/fr\/informations-utiles\/\"]}]},{\"@type\":\"BreadcrumbList\",\"@id\":\"https:\/\/campingilsergente.it\/fr\/informations-utiles\/#breadcrumb\",\"itemListElement\":[{\"@type\":\"ListItem\",\"position\":1,\"name\":\"Home\",\"item\":\"https:\/\/campingilsergente.it\/fr\/accueil\/\"},{\"@type\":\"ListItem\",\"position\":2,\"name\":\"Informations utiles\"}]},{\"@type\":\"WebSite\",\"@id\":\"https:\/\/campingilsergente.it\/fr\/#website\",\"url\":\"https:\/\/campingilsergente.it\/fr\/\",\"name\":\"campingilsergente\",\"description\":\"Il camping sulla via degli Dei\",\"publisher\":{\"@id\":\"https:\/\/campingilsergente.it\/fr\/#organization\"},\"potentialAction\":[{\"@type\":\"SearchAction\",\"target\":{\"@type\":\"EntryPoint\",\"urlTemplate\":\"https:\/\/campingilsergente.it\/fr\/?s={search_term_string}\"},\"query-input\":{\"@type\":\"PropertyValueSpecification\",\"valueRequired\":true,\"valueName\":\"search_term_string\"}}],\"inLanguage\":\"fr-FR\"},{\"@type\":\"Organization\",\"@id\":\"https:\/\/campingilsergente.it\/fr\/#organization\",\"name\":\"camping il sergente\",\"url\":\"https:\/\/campingilsergente.it\/fr\/\",\"logo\":{\"@type\":\"ImageObject\",\"inLanguage\":\"fr-FR\",\"@id\":\"https:\/\/campingilsergente.it\/fr\/#\/schema\/logo\/image\/\",\"url\":\"https:\/\/campingilsergente.it\/wp-content\/uploads\/2023\/04\/Camping-il-Sergente-Logo.png\",\"contentUrl\":\"https:\/\/campingilsergente.it\/wp-content\/uploads\/2023\/04\/Camping-il-Sergente-Logo.png\",\"width\":187,\"height\":254,\"caption\":\"camping il sergente\"},\"image\":{\"@id\":\"https:\/\/campingilsergente.it\/fr\/#\/schema\/logo\/image\/\"},\"sameAs\":[\"https:\/\/www.facebook.com\/Camping-Il-Sergente-109062715608192\",\"https:\/\/www.instagram.com\/campingilsergente\/\"]}]}<\/script>\n<!-- \/ Yoast SEO plugin. -->","yoast_head_json":{"title":"Camping Il Sergente | Informations utiles","description":"Toutes les informations utiles \u00e0 conna\u00eetre avant de partir et pour mieux organiser vos vacances en camping.","robots":{"index":"index","follow":"follow","max-snippet":"max-snippet:-1","max-image-preview":"max-image-preview:large","max-video-preview":"max-video-preview:-1"},"canonical":"https:\/\/campingilsergente.it\/fr\/informations-utiles\/","og_locale":"fr_FR","og_type":"article","og_title":"Camping Il Sergente | Informations utiles","og_description":"Toutes les informations utiles \u00e0 conna\u00eetre avant de partir et pour mieux organiser vos vacances en camping.","og_url":"https:\/\/campingilsergente.it\/fr\/informations-utiles\/","og_site_name":"campingilsergente","article_publisher":"https:\/\/www.facebook.com\/Camping-Il-Sergente-109062715608192","article_modified_time":"2023-11-07T16:04:08+00:00","twitter_card":"summary_large_image","twitter_misc":{"Dur\u00e9e de lecture estim\u00e9e":"11 minutes"},"schema":{"@context":"https:\/\/schema.org","@graph":[{"@type":"WebPage","@id":"https:\/\/campingilsergente.it\/fr\/informations-utiles\/","url":"https:\/\/campingilsergente.it\/fr\/informations-utiles\/","name":"Camping Il Sergente | Informations utiles","isPartOf":{"@id":"https:\/\/campingilsergente.it\/fr\/#website"},"datePublished":"2023-05-02T13:40:29+00:00","dateModified":"2023-11-07T16:04:08+00:00","description":"Toutes les informations utiles \u00e0 conna\u00eetre avant de partir et pour mieux organiser vos vacances en camping.","breadcrumb":{"@id":"https:\/\/campingilsergente.it\/fr\/informations-utiles\/#breadcrumb"},"inLanguage":"fr-FR","potentialAction":[{"@type":"ReadAction","target":["https:\/\/campingilsergente.it\/fr\/informations-utiles\/"]}]},{"@type":"BreadcrumbList","@id":"https:\/\/campingilsergente.it\/fr\/informations-utiles\/#breadcrumb","itemListElement":[{"@type":"ListItem","position":1,"name":"Home","item":"https:\/\/campingilsergente.it\/fr\/accueil\/"},{"@type":"ListItem","position":2,"name":"Informations utiles"}]},{"@type":"WebSite","@id":"https:\/\/campingilsergente.it\/fr\/#website","url":"https:\/\/campingilsergente.it\/fr\/","name":"campingilsergente","description":"Il camping sulla via degli Dei","publisher":{"@id":"https:\/\/campingilsergente.it\/fr\/#organization"},"potentialAction":[{"@type":"SearchAction","target":{"@type":"EntryPoint","urlTemplate":"https:\/\/campingilsergente.it\/fr\/?s={search_term_string}"},"query-input":{"@type":"PropertyValueSpecification","valueRequired":true,"valueName":"search_term_string"}}],"inLanguage":"fr-FR"},{"@type":"Organization","@id":"https:\/\/campingilsergente.it\/fr\/#organization","name":"camping il sergente","url":"https:\/\/campingilsergente.it\/fr\/","logo":{"@type":"ImageObject","inLanguage":"fr-FR","@id":"https:\/\/campingilsergente.it\/fr\/#\/schema\/logo\/image\/","url":"https:\/\/campingilsergente.it\/wp-content\/uploads\/2023\/04\/Camping-il-Sergente-Logo.png","contentUrl":"https:\/\/campingilsergente.it\/wp-content\/uploads\/2023\/04\/Camping-il-Sergente-Logo.png","width":187,"height":254,"caption":"camping il sergente"},"image":{"@id":"https:\/\/campingilsergente.it\/fr\/#\/schema\/logo\/image\/"},"sameAs":["https:\/\/www.facebook.com\/Camping-Il-Sergente-109062715608192","https:\/\/www.instagram.com\/campingilsergente\/"]}]}},"_links":{"self":[{"href":"https:\/\/campingilsergente.it\/fr\/wp-json\/wp\/v2\/pages\/1460","targetHints":{"allow":["GET"]}}],"collection":[{"href":"https:\/\/campingilsergente.it\/fr\/wp-json\/wp\/v2\/pages"}],"about":[{"href":"https:\/\/campingilsergente.it\/fr\/wp-json\/wp\/v2\/types\/page"}],"author":[{"embeddable":true,"href":"https:\/\/campingilsergente.it\/fr\/wp-json\/wp\/v2\/users\/1"}],"replies":[{"embeddable":true,"href":"https:\/\/campingilsergente.it\/fr\/wp-json\/wp\/v2\/comments?post=1460"}],"version-history":[{"count":2,"href":"https:\/\/campingilsergente.it\/fr\/wp-json\/wp\/v2\/pages\/1460\/revisions"}],"predecessor-version":[{"id":1462,"href":"https:\/\/campingilsergente.it\/fr\/wp-json\/wp\/v2\/pages\/1460\/revisions\/1462"}],"wp:attachment":[{"href":"https:\/\/campingilsergente.it\/fr\/wp-json\/wp\/v2\/media?parent=1460"}],"curies":[{"name":"wp","href":"https:\/\/api.w.org\/{rel}","templated":true}]}}