{"id":1639,"date":"2023-05-02T13:40:29","date_gmt":"2023-05-02T13:40:29","guid":{"rendered":"https:\/\/campingilsergente.it\/informacion-util\/"},"modified":"2023-11-08T09:20:16","modified_gmt":"2023-11-08T09:20:16","slug":"informacion-util","status":"publish","type":"page","link":"https:\/\/campingilsergente.it\/es\/informacion-util\/","title":{"rendered":"Informaci\u00f3n \u00fatil"},"content":{"rendered":"<p>[et_pb_section fb_built=\u00bb1&#8243; _builder_version=\u00bb4.20.4&#8243; _module_preset=\u00bbdefault\u00bb background_color=\u00bbrgba(0,0,0,0.5)\u00bb background_image=\u00bbhttps:\/\/campingilsergente.it\/wp-content\/uploads\/2023\/04\/home-background-camping-il-sergente.webp\u00bb background_blend=\u00bboverlay\u00bb custom_padding=\u00bb20px||100px||false|false\u00bb global_colors_info=\u00bb{}\u00bb][et_pb_row _builder_version=\u00bb4.20.4&#8243; _module_preset=\u00bbdefault\u00bb global_colors_info=\u00bb{}\u00bb][et_pb_column type=\u00bb4_4&#8243; _builder_version=\u00bb4.20.4&#8243; _module_preset=\u00bbdefault\u00bb global_colors_info=\u00bb{}\u00bb][dsm_breadcrumbs show_home_icon=\u00bboff\u00bb current_bg_color=\u00bbRGBA(255,255,255,0)\u00bb items_padding=\u00bb0px||0px||false|true\u00bb _builder_version=\u00bb4.20.4&#8243; _module_preset=\u00bbdefault\u00bb items_text_color=\u00bb#FFFFFF\u00bb separators_text_color=\u00bb#C9B089&#8243; current_text_color=\u00bb#FFFFFF\u00bb global_colors_info=\u00bb{}\u00bb][\/dsm_breadcrumbs][et_pb_text _builder_version=\u00bb4.20.4&#8243; _module_preset=\u00bbdefault\u00bb header_text_color=\u00bb#FFFFFF\u00bb header_font_size=\u00bb40px\u00bb header_line_height=\u00bb1.2em\u00bb header_3_font=\u00bb|300||on|||||\u00bb header_3_text_color=\u00bb#FFFFFF\u00bb header_3_font_size=\u00bb20px\u00bb header_3_line_height=\u00bb1.2em\u00bb global_colors_info=\u00bb{}\u00bb]<\/p>\n<h3>Antes de partir<\/h3>\n<h1>Informaci\u00f3n \u00fatil<\/h1>\n<p>&nbsp;<\/p>\n<p>[\/et_pb_text][dsm_star_rating rating=\u00bb4,5&#8243; title=\u00bbM\u00e1s de 550 opiniones en google\u00bb title_inline_position=\u00bbright\u00bb show_number=\u00bboff\u00bb _builder_version=\u00bb4.20.4&#8243; _module_preset=\u00bbdefault\u00bb header_level=\u00bbh6&#8243; header_font=\u00bb|||||||#C9B089|\u00bb header_text_color=\u00bb#FFFFFF\u00bb header_font_size=\u00bb16px\u00bb rating_number_text_color=\u00bb#FFFFFF\u00bb background_layout=\u00bbdark\u00bb global_colors_info=\u00bb{}\u00bb][\/dsm_star_rating][et_pb_text _builder_version=\u00bb4.20.4&#8243; _module_preset=\u00bbdefault\u00bb link_font=\u00bb||||on||||\u00bb link_text_color=\u00bb#FFFFFF\u00bb link_font_size=\u00bb12px\u00bb global_colors_info=\u00bb{}\u00bb]<\/p>\n<p><a href=\"http:\/\/www.google.it\/search?q=camping%20il%20sergente%20recensioni\" target=\"_blank\" rel=\"noopener\">Eche un vistazo a las cr\u00edticas &gt;<\/a><\/p>\n<p>[\/et_pb_text][\/et_pb_column][\/et_pb_row][\/et_pb_section][et_pb_section fb_built=\u00bb1&#8243; _builder_version=\u00bb4.20.4&#8243; _module_preset=\u00bbdefault\u00bb global_colors_info=\u00bb{}\u00bb][et_pb_row column_structure=\u00bb1_2,1_2&#8243; _builder_version=\u00bb4.20.4&#8243; _module_preset=\u00bbdefault\u00bb global_colors_info=\u00bb{}\u00bb][et_pb_column type=\u00bb1_2&#8243; _builder_version=\u00bb4.20.4&#8243; _module_preset=\u00bbdefault\u00bb global_colors_info=\u00bb{}\u00bb][et_pb_toggle title=\u00bbAntes de partir\u00bb open_toggle_text_color=\u00bb#000000&#8243; icon_color=\u00bb#000000&#8243; toggle_icon=\u00bb&#x33;||divi||400&#8243; use_icon_font_size=\u00bbon\u00bb icon_font_size=\u00bb32px\u00bb open_icon_color=\u00bb#000000&#8243; open_toggle_icon=\u00bb&#x32;||divi||400&#8243; open_use_icon_font_size=\u00bbon\u00bb open_icon_font_size=\u00bb32px\u00bb _builder_version=\u00bb4.21.2&#8243; _module_preset=\u00bbdefault\u00bb title_text_color=\u00bb#000000&#8243; title_level=\u00bbh2&#8243; title_font_size=\u00bb25px\u00bb body_text_color=\u00bb#000000&#8243; body_font_size=\u00bb12px\u00bb background_color=\u00bbRGBA(255,255,255,0)\u00bb border_width_all=\u00bb0px\u00bb border_width_bottom=\u00bb1px\u00bb global_colors_info=\u00bb{}\u00bb]<\/p>\n<p><b>Horario de recepci\u00f3n y de entrada y salida<\/b><\/p>\n<p><b>La recepci\u00f3n est\u00e1 abierta de 7:00 a 22:00 horas.<\/b><br \/>Check-in para todos los alojamientos a partir de las 13:00, a partir de las 09:00 para las parcelas.<br \/>Salida antes de las 10.00 horas para todos los alojamientos, antes de las 12.00 horas para las parcelas.<\/p>\n<p>\u2022 Es posible realizar el registro de <b>entrada antes de lo previsto<\/b>, sujeto a disponibilidad. P\u00f3ngase en contacto con la recepci\u00f3n para m\u00e1s informaci\u00f3n.<\/p>\n<ul>\n<li><span>La <b>salida tard\u00eda<\/b> est\u00e1 sujeta a disponibilidad. Para m\u00e1s informaci\u00f3n, p\u00f3ngase en contacto con la recepci\u00f3n.<\/span><\/li>\n<\/ul>\n<p><b>La tasa tur\u00edstica<\/b><\/p>\n<p>La tasa tur\u00edstica es de 0,50 euros por persona y noche, hasta 6 noches.<\/p>\n<p>Est\u00e1n exentos de pago:<br \/>Personas menores de 14 a\u00f1os;<br \/>\u2022 Personas que atienden a pacientes en hospitales p\u00fablicos o privados;<br \/>\u2022 Pacientes que reciben tratamiento hospitalario;<br \/>\u2022 Agentes de las fuerzas del orden;<br \/>\u2022 Los discapacitados con certificado;<br \/>\u2022 Empleados de hoteles y alojamientos.<\/p>\n<p>[\/et_pb_toggle][et_pb_toggle title=\u00bbEn el Camping\u00bb open_toggle_text_color=\u00bb#000000&#8243; icon_color=\u00bb#000000&#8243; toggle_icon=\u00bb&#x33;||divi||400&#8243; use_icon_font_size=\u00bbon\u00bb icon_font_size=\u00bb32px\u00bb open_icon_color=\u00bb#000000&#8243; open_toggle_icon=\u00bb&#x32;||divi||400&#8243; open_use_icon_font_size=\u00bbon\u00bb open_icon_font_size=\u00bb32px\u00bb _builder_version=\u00bb4.20.4&#8243; _module_preset=\u00bbdefault\u00bb title_text_color=\u00bb#000000&#8243; title_level=\u00bbh2&#8243; title_font_size=\u00bb25px\u00bb body_text_color=\u00bb#000000&#8243; body_font_size=\u00bb12px\u00bb background_color=\u00bbRGBA(255,255,255,0)\u00bb border_width_all=\u00bb0px\u00bb border_width_bottom=\u00bb1px\u00bb global_colors_info=\u00bb{}\u00bb]<\/p>\n<p><b>Servicios de recepci\u00f3n<\/b><\/p>\n<ul>\n<li><span>Registro de entrada y salida<\/span><\/li>\n<li><span>Servicio de atenci\u00f3n al cliente (incluido el tel\u00e9fono)<\/span><\/li>\n<li><span>Alquiler de ropa de cama y art\u00edculos de aseo (clientes directos)<\/span><\/li>\n<li><span>Salida anticipada o prolongaci\u00f3n de la estancia<\/span><\/li>\n<li><span>Informar de problemas t\u00e9cnicos y de mantenimiento<\/span><\/li>\n<li><span>Mapa de Mugello, Florencia y los <b>Caminos Circunstanciales<\/b><\/span><\/li>\n<li><span>Compra de fichas Secadoras y lavadoras<\/span><\/li>\n<\/ul>\n<p>Es posible aparcar el coche en el aparcamiento del interior del camping.<\/p>\n<p><b>Suplementos de alquiler<\/b><\/p>\n<p>En la recepci\u00f3n es posible alquilar:<br \/>\u2022 Juego de toallas y juego de s\u00e1banas por 5,00\u20ac<br \/>\u2022 Cables adaptadores para tomas CEE<br \/>\u2022 Secador de pelo, dejando un dep\u00f3sito que se devolver\u00e1 al final de su uso<\/p>\n<p><b>Apertura de la piscina<\/b><\/p>\n<p>El parque acu\u00e1tico est\u00e1 abierto desde el <b>15\/06<\/b> con el siguiente horario:<\/p>\n<p><b>Temporada alta<br \/><\/b> 9:00 &#8211; 19:00<\/p>\n<p>Las piscinas son para uso exclusivo de los hu\u00e9spedes.<\/p>\n<p><b>C\u00f3mo llegar y salir del Camping<\/b><\/p>\n<p>Para viajar a Mugello desde el camping, puede coger el autob\u00fas; la parada se encuentra a pocos metros de la entrada. El autob\u00fas le llevar\u00e1 a la estaci\u00f3n de San Piero a Sieve, donde podr\u00e1 tomar otros autobuses a localidades de Mugello o el tren directo a la estaci\u00f3n central de Santa Maria Novella. A la vuelta, simplemente haga lo mismo y b\u00e1jese en la parada frente al Camping il Sergente.<\/p>\n<p>\u2022 Servicio de taxi desde y hacia las principales estaciones y aeropuertos.<\/p>\n<p><b><\/b><\/p>\n<p><b><\/b><\/p>\n<p><b>Horas tranquilas<\/b><\/p>\n<p>El camping mantiene un horario tranquilo <b>de 23.00 a 7.00 h<\/b>. Durante este horario no es posible conducir veh\u00edculos a motor, montar o desmontar tiendas de campa\u00f1a ni, en general, molestar a otros hu\u00e9spedes. Si llega en coche durante las horas de silencio, deber\u00e1 dejarlo en el aparcamiento interior, situado frente a la recepci\u00f3n, y caminar hasta su alojamiento.<\/p>\n<p><b>Admite mascotas<\/b><\/p>\n<p><b>Se admiten mascotas en todos nuestros alojamientos<\/b>, sujetas a ciertas observaciones.<\/p>\n<p>Todos los animales deben cumplir las normas sanitarias, como demuestra el registro de vacunaci\u00f3n. En caso de accidente a un tercero, la responsabilidad es enteramente del propietario.<\/p>\n<p>Los animales grandes o de razas consideradas de riesgo s\u00f3lo se admiten si se acuerda previamente con la direcci\u00f3n.<\/p>\n<p>Todos los animales deben mantenerse de forma que no molesten ni da\u00f1en a otros hu\u00e9spedes o propiedades de la villa. Los propietarios ser\u00e1n responsables de cualquier da\u00f1o.<\/p>\n<p>Los perros deben llevar correa en todo momento y no pueden entrar en la zona de la piscina, las zonas deportivas, los parques infantiles y los restaurantes.<\/p>\n<p><b>Servicios para discapacitados<\/b><\/p>\n<p>Para las personas con discapacidades motrices, <b>hay alojamientos de f\u00e1cil acceso,<\/b> con espacios c\u00f3modos en el interior, ba\u00f1o habilitado para minusv\u00e1lidos y una rampa de acceso.<\/p>\n<p>Adem\u00e1s, la piscina, la recepci\u00f3n, los restaurantes y el mercado cuentan con un acceso f\u00e1cil y amplio.<\/p>\n<p>Hay ba\u00f1os homologados en las instalaciones cercanas a la piscina.<\/p>\n<p><b><\/b><\/p>\n<p><b><\/b><\/p>\n<p><b>Wi-Fi<\/b><\/p>\n<p>Cobertura garantizada en las zonas comunes y en la mayor parte del camping.<\/p>\n<p><b>Instalaciones deportivas y zonas de juego<\/b><\/p>\n<p>Dentro del camping encontrar\u00e1 una <b>zona deportiva<\/b> con campo de f\u00fatbol de hierba, pista de tenis, pista de bochas y campo de tiro con arco.<\/p>\n<p>Luego, en la zona adyacente a la piscina, un parque infantil con cama el\u00e1stica.<\/p>\n<p><b>Lavander\u00eda<\/b><\/p>\n<p>Hay lavadoras y secadoras autoservicio abiertas <b>h24<\/b> en el Camping, con un coste de 4,00 por ciclo de lavado y 2 euros de secado.<\/p>\n<p><b>Reciclaje<\/b><\/p>\n<p>Para nosotros, el respeto por el medio ambiente y la naturaleza que nos rodea es lo primero. Usted tambi\u00e9n ayuda al medio ambiente clasificando sus residuos, dentro del Camping encontrar\u00e1 una Isla Ecol\u00f3gica con contenedores siguiendo las se\u00f1ales.<\/p>\n<p><b>Aparcamiento<\/b><\/p>\n<p>El aparcamiento es gratuito dentro del Camping.<\/p>\n<p>[\/et_pb_toggle][et_pb_toggle title=\u00bbRestaurante , Bar y Mercado\u00bb open_toggle_text_color=\u00bb#000000&#8243; icon_color=\u00bb#000000&#8243; toggle_icon=\u00bb&#x33;||divi||400&#8243; use_icon_font_size=\u00bbon\u00bb icon_font_size=\u00bb32px\u00bb open_icon_color=\u00bb#000000&#8243; open_toggle_icon=\u00bb&#x32;||divi||400&#8243; open_use_icon_font_size=\u00bbon\u00bb open_icon_font_size=\u00bb32px\u00bb _builder_version=\u00bb4.20.4&#8243; _module_preset=\u00bbdefault\u00bb title_text_color=\u00bb#000000&#8243; title_level=\u00bbh2&#8243; title_font_size=\u00bb25px\u00bb body_text_color=\u00bb#000000&#8243; body_font_size=\u00bb12px\u00bb background_color=\u00bbRGBA(255,255,255,0)\u00bb border_width_all=\u00bb0px\u00bb border_width_bottom=\u00bb1px\u00bb global_colors_info=\u00bb{}\u00bb]<\/p>\n<p>Dentro del Camping il Sergente hay junto a la Recepci\u00f3n Bar, Restaurante, Pizzer\u00eda y MiniMarket.<span class=\"Apple-converted-space\"> <\/span><\/p>\n<p><b>Horario de apertura Catering<\/b><\/p>\n<p><b>12:00 &#8211; 14:30 \/ 19:00 &#8211; 22:30<\/b><\/p>\n<p><b>Horario de apertura Bar y MiniMarket<\/b><\/p>\n<p><b>7:00 &#8211; 23:00<\/b><\/p>\n<p>[\/et_pb_toggle][\/et_pb_column][et_pb_column type=\u00bb1_2&#8243; _builder_version=\u00bb4.20.4&#8243; _module_preset=\u00bbdefault\u00bb global_colors_info=\u00bb{}\u00bb][et_pb_toggle title=\u00bbAlojamientos\u00bb open_toggle_text_color=\u00bb#000000&#8243; icon_color=\u00bb#000000&#8243; toggle_icon=\u00bb&#x33;||divi||400&#8243; use_icon_font_size=\u00bbon\u00bb icon_font_size=\u00bb32px\u00bb open_icon_color=\u00bb#000000&#8243; open_toggle_icon=\u00bb&#x32;||divi||400&#8243; open_use_icon_font_size=\u00bbon\u00bb open_icon_font_size=\u00bb32px\u00bb _builder_version=\u00bb4.20.4&#8243; _module_preset=\u00bbdefault\u00bb title_text_color=\u00bb#000000&#8243; title_level=\u00bbh2&#8243; title_font_size=\u00bb25px\u00bb body_text_color=\u00bb#000000&#8243; body_font_size=\u00bb12px\u00bb background_color=\u00bbRGBA(255,255,255,0)\u00bb border_width_all=\u00bb0px\u00bb border_width_bottom=\u00bb1px\u00bb global_colors_info=\u00bb{}\u00bb]<\/p>\n<p><b>Limpieza en alojamientos<\/b><\/p>\n<p><b>La limpieza final est\u00e1 incluida en la estancia.<\/b><\/p>\n<p><b>La limpieza extra<\/b> durante la estancia es bajo petici\u00f3n por el coste sentir en la recepci\u00f3n.<\/p>\n<p><b>Parcelas<\/b><\/p>\n<p>Las parcelas disponen de electricidad incluida en la estancia.<\/p>\n<p>Para campistas de m\u00e1s de <b>8 m<\/b> llame para consultar disponibilidad.<\/p>\n<p>[\/et_pb_toggle][et_pb_toggle title=\u00bbcontacto\u00bb open_toggle_text_color=\u00bb#000000&#8243; icon_color=\u00bb#000000&#8243; toggle_icon=\u00bb&#x33;||divi||400&#8243; use_icon_font_size=\u00bbon\u00bb icon_font_size=\u00bb32px\u00bb open_icon_color=\u00bb#000000&#8243; open_toggle_icon=\u00bb&#x32;||divi||400&#8243; open_use_icon_font_size=\u00bbon\u00bb open_icon_font_size=\u00bb32px\u00bb _builder_version=\u00bb4.20.4&#8243; _module_preset=\u00bbdefault\u00bb title_text_color=\u00bb#000000&#8243; title_level=\u00bbh2&#8243; title_font_size=\u00bb25px\u00bb body_text_color=\u00bb#000000&#8243; body_font_size=\u00bb12px\u00bb body_link_font=\u00bb||||on||||\u00bb body_link_text_color=\u00bb#C9B089&#8243; background_color=\u00bbRGBA(255,255,255,0)\u00bb border_width_all=\u00bb0px\u00bb border_width_bottom=\u00bb1px\u00bb global_colors_info=\u00bb{}\u00bb]<\/p>\n<p><b>Informaci\u00f3n y reservas<\/b><\/p>\n<p>(+39) 0558423018<\/p>\n<p><a href=\"mailto:info@campingilsergente.it\" target=\"_blank\" rel=\"noopener\">info@campingilsergente.it<\/a><\/p>\n<p>[\/et_pb_toggle][\/et_pb_column][\/et_pb_row][\/et_pb_section][et_pb_section fb_built=\u00bb1&#8243; _builder_version=\u00bb4.20.4&#8243; _module_preset=\u00bbdefault\u00bb global_colors_info=\u00bb{}\u00bb][et_pb_row _builder_version=\u00bb4.20.4&#8243; _module_preset=\u00bbdefault\u00bb global_colors_info=\u00bb{}\u00bb][et_pb_column type=\u00bb4_4&#8243; _builder_version=\u00bb4.20.4&#8243; _module_preset=\u00bbdefault\u00bb global_colors_info=\u00bb{}\u00bb][et_pb_text _builder_version=\u00bb4.21.2&#8243; _module_preset=\u00bbdefault\u00bb header_font=\u00bb||||||||\u00bb header_line_height=\u00bb1.2em\u00bb header_3_font=\u00bb|300|||||||\u00bb header_3_font_size=\u00bb15px\u00bb global_colors_info=\u00bb{}\u00bb]<\/p>\n<h2>Antes de reservar<\/h2>\n<p>Informaci\u00f3n \u00fatil<\/p>\n<p>[\/et_pb_text][\/et_pb_column][\/et_pb_row][et_pb_row column_structure=\u00bb1_3,1_3,1_3&#8243; _builder_version=\u00bb4.20.4&#8243; _module_preset=\u00bbdefault\u00bb global_colors_info=\u00bb{}\u00bb][et_pb_column type=\u00bb1_3&#8243; _builder_version=\u00bb4.20.4&#8243; _module_preset=\u00bbdefault\u00bb global_colors_info=\u00bb{}\u00bb][et_pb_blurb title=\u00bbLlegada\u00bb use_icon=\u00bbon\u00bb font_icon=\u00bb&#xf073;||fa||400&#8243; icon_color=\u00bb#C9B089&#8243; icon_placement=\u00bbleft\u00bb image_icon_width=\u00bb32px\u00bb _builder_version=\u00bb4.23&#8243; _module_preset=\u00bbdefault\u00bb body_font_size=\u00bb12px\u00bb hover_enabled=\u00bb0&#8243; global_colors_info=\u00bb{}\u00bb sticky_enabled=\u00bb0&#8243;]<\/p>\n<p><span>La recepci\u00f3n est\u00e1 abierta de 7.00 a 22.00 horas.<\/span><br \/><span>La entrada para todos los alojamientos es posible a partir de las 15:00 horas, a partir de las 09:00 horas para las parcelas. La tasa tur\u00edstica se paga localmente.<\/span><\/p>\n<p>[\/et_pb_blurb][\/et_pb_column][et_pb_column type=\u00bb1_3&#8243; _builder_version=\u00bb4.20.4&#8243; _module_preset=\u00bbdefault\u00bb global_colors_info=\u00bb{}\u00bb][et_pb_blurb title=\u00bbSalida\u00bb use_icon=\u00bbon\u00bb font_icon=\u00bb&#xf073;||fa||400&#8243; icon_color=\u00bb#C9B089&#8243; icon_placement=\u00bbleft\u00bb image_icon_width=\u00bb32px\u00bb _builder_version=\u00bb4.20.4&#8243; _module_preset=\u00bbdefault\u00bb body_font_size=\u00bb12px\u00bb global_colors_info=\u00bb{}\u00bb]<\/p>\n<p><span>Salida antes de las 10.00 horas para todos los alojamientos, antes de las 12.00 horas para las parcelas.<\/span><br \/><span>La salida tard\u00eda est\u00e1 sujeta a disponibilidad. Para m\u00e1s informaci\u00f3n, p\u00f3ngase en contacto con la recepci\u00f3n.<\/span><\/p>\n<p>[\/et_pb_blurb][\/et_pb_column][et_pb_column type=\u00bb1_3&#8243; _builder_version=\u00bb4.20.4&#8243; _module_preset=\u00bbdefault\u00bb global_colors_info=\u00bb{}\u00bb][et_pb_blurb title=\u00bbNi\u00f1os y camas\u00bb use_icon=\u00bbon\u00bb font_icon=\u00bb&#xf77c;||fa||900&#8243; icon_color=\u00bb#C9B089&#8243; icon_placement=\u00bbleft\u00bb image_icon_width=\u00bb32px\u00bb _builder_version=\u00bb4.20.4&#8243; _module_preset=\u00bbdefault\u00bb body_font_size=\u00bb12px\u00bb global_colors_info=\u00bb{}\u00bb]<\/p>\n<p><span>Los ni\u00f1os de todas las edades son bienvenidos. Para ver informaci\u00f3n correcta sobre precios y ocupaci\u00f3n, a\u00f1ada a la b\u00fasqueda el n\u00famero y la edad de los ni\u00f1os alojados. El coste de la cuna &#8211; cuna (5,00 \u20ac por estancia)<\/span><\/p>\n<p>[\/et_pb_blurb][\/et_pb_column][\/et_pb_row][et_pb_row column_structure=\u00bb1_3,1_3,1_3&#8243; _builder_version=\u00bb4.20.4&#8243; _module_preset=\u00bbdefault\u00bb global_colors_info=\u00bb{}\u00bb][et_pb_column type=\u00bb1_3&#8243; _builder_version=\u00bb4.20.4&#8243; _module_preset=\u00bbdefault\u00bb global_colors_info=\u00bb{}\u00bb][et_pb_blurb title=\u00bbEdad m\u00ednima\u00bb use_icon=\u00bbon\u00bb font_icon=\u00bb&#xf1ae;||fa||900&#8243; icon_color=\u00bb#C9B089&#8243; icon_placement=\u00bbleft\u00bb image_icon_width=\u00bb32px\u00bb _builder_version=\u00bb4.20.4&#8243; _module_preset=\u00bbdefault\u00bb body_font_size=\u00bb12px\u00bb global_colors_info=\u00bb{}\u00bb]<\/p>\n<p><span>La edad m\u00ednima para registrarse es de 18 a\u00f1os.<\/span><\/p>\n<p>[\/et_pb_blurb][\/et_pb_column][et_pb_column type=\u00bb1_3&#8243; _builder_version=\u00bb4.20.4&#8243; _module_preset=\u00bbdefault\u00bb global_colors_info=\u00bb{}\u00bb][et_pb_blurb title=\u00bbSalida\u00bb use_icon=\u00bbon\u00bb font_icon=\u00bb&#xf1b0;||fa||900&#8243; icon_color=\u00bb#C9B089&#8243; icon_placement=\u00bbleft\u00bb image_icon_width=\u00bb32px\u00bb _builder_version=\u00bb4.20.4&#8243; _module_preset=\u00bbdefault\u00bb body_font_size=\u00bb12px\u00bb global_colors_info=\u00bb{}\u00bb]<\/p>\n<p><span>Se admiten animales previa petici\u00f3n. Se cobra un suplemento de limpieza.<\/span><\/p>\n<p>[\/et_pb_blurb][\/et_pb_column][et_pb_column type=\u00bb1_3&#8243; _builder_version=\u00bb4.20.4&#8243; _module_preset=\u00bbdefault\u00bb global_colors_info=\u00bb{}\u00bb][et_pb_blurb title=\u00bbTarjetas de cr\u00e9dito\u00bb use_icon=\u00bbon\u00bb font_icon=\u00bb&#xf09d;||fa||400&#8243; icon_color=\u00bb#C9B089&#8243; icon_placement=\u00bbleft\u00bb image_icon_width=\u00bb32px\u00bb _builder_version=\u00bb4.20.4&#8243; _module_preset=\u00bbdefault\u00bb body_font_size=\u00bb12px\u00bb global_colors_info=\u00bb{}\u00bb]<\/p>\n<p><span>Camping il Sergente &#8211; acepta las siguientes tarjetas de cr\u00e9dito (VISA, MASTERCARD, MAESTRO, CARTASI, UNIONPAY y ATM CARD)<\/span><\/p>\n<p>[\/et_pb_blurb][\/et_pb_column][\/et_pb_row][\/et_pb_section]<\/p>\n","protected":false},"excerpt":{"rendered":"<p><div class=\"et_pb_module dsm_breadcrumbs dsm_breadcrumbs_0\">\n\t\t\t\t\n\t\t\t\t\n\t\t\t\t\n\t\t\t\t\n\t\t\t\t\n\t\t\t\t\n\t\t\t\t<div class=\"et_pb_module_inner\">\n\t\t\t\t\t<nav class=\"dsm_breadcrumbs_wrap\">\n\t\t\t\t<ul class=\"dsm_breadcrumbs\" itemscope itemtype=\"https:\/\/schema.org\/BreadcrumbList\">\t\t\t<li class=\"dsm_breadcrumbs_item dsm_home_item dsm_home_item_custom\" itemprop=\"itemListElement\" itemscope\n\t\t\titemtype=\"https:\/\/schema.org\/ListItem\">\n\t\t\t\t<a href=\"https:\/\/campingilsergente.it\/es\/\" itemprop=\"item\" target=\"\">\n\t\t\t\t\t<span class='dsm_home_text_wrapper'>\n\t\t\t\t\t\t\t\t\t\t\t\t\t<span class=\"dsm_home_text\" itemprop=\"name\">\n\t\t\t\t\t\t\t\tHome\t\t\t\t\t\t\t<\/span>\n\t\t\t\t\t<\/span>\n\t\t\t\t<\/a>\n\t\t\t\t<meta itemprop=\"position\" content=\"1\" \/>\n\t\t\t<\/li>\n\n\t\t<li class=\"dsm_breadcrumbs_separator\"> <span class=\"et-pb-icon dsm_separator_icon\">5<\/span><\/li><\/ul>\n\t\t\t<\/nav>\n\t\t\t\t<\/div>\n\t\t\t<\/div>Antes de partir Informaci\u00f3n \u00fatil &nbsp;<div class=\"et_pb_module dsm_star_rating dsm_star_rating_0  et_pb_bg_layout_dark\">\n\t\t\t\t\n\t\t\t\t\n\t\t\t\t\n\t\t\t\t\n\t\t\t\t\n\t\t\t\t\n\t\t\t\t<div class=\"et_pb_module_inner\">\n\t\t\t\t\t<div class=\"dsm-star-rating-wrapper dsm-star-display-type-inline-block dsm-star-title-position-right\">\n\t\t\t\t<div class=\"dsm-star-rating\" title=\"4\/5\"><i class=\"dsm-star-full\">\u2606<\/i><i class=\"dsm-star-full\">\u2606<\/i><i class=\"dsm-star-full\">\u2606<\/i><i class=\"dsm-star-full\">\u2606<\/i><i class=\"dsm-star-0\">\u2606<\/i><\/div><h6 class=\"dsm-star-rating-title et_pb_module_header\"><span >M\u00e1s de 550 opiniones en google<\/span><\/h6>\n\t\t\t\t<\/div>\n\t\t\t\t<\/div>\n\t\t\t<\/div>Eche un vistazo a las cr\u00edticas &gt;Horario de recepci\u00f3n y de entrada y salida La recepci\u00f3n est\u00e1 abierta de 7:00 a 22:00 horas.Check-in para todos los alojamientos a partir de las 13:00, a partir de las 09:00 para las parcelas.Salida antes de las 10.00 horas para todos los alojamientos, antes de las 12.00 horas para las parcelas. \u2022 Es posible realizar el registro de entrada antes de lo previsto, sujeto a disponibilidad. P\u00f3ngase en contacto con la recepci\u00f3n para m\u00e1s informaci\u00f3n. La salida tard\u00eda est\u00e1 sujeta a disponibilidad. Para m\u00e1s informaci\u00f3n, p\u00f3ngase en contacto con la recepci\u00f3n. La tasa tur\u00edstica La tasa tur\u00edstica es de 0,50 euros por persona y noche, hasta 6 noches. Est\u00e1n exentos de pago:Personas menores de 14 a\u00f1os;\u2022 Personas que atienden a pacientes en hospitales p\u00fablicos o privados;\u2022 Pacientes que reciben tratamiento hospitalario;\u2022 Agentes de las fuerzas del orden;\u2022 Los discapacitados con certificado;\u2022 Empleados de hoteles y alojamientos.Servicios de recepci\u00f3n Registro de entrada y salida Servicio de atenci\u00f3n al cliente (incluido el tel\u00e9fono) Alquiler [&hellip;]<\/p>\n","protected":false},"author":1,"featured_media":0,"parent":0,"menu_order":0,"comment_status":"closed","ping_status":"closed","template":"","meta":{"_et_pb_use_builder":"on","_et_pb_old_content":"","_et_gb_content_width":"","footnotes":""},"class_list":["post-1639","page","type-page","status-publish","hentry"],"yoast_head":"<!-- This site is optimized with the Yoast SEO plugin v27.2 - https:\/\/yoast.com\/product\/yoast-seo-wordpress\/ -->\n<title>Camping Il Sergente | Informaci\u00f3n \u00fatil<\/title>\n<meta name=\"description\" content=\"Toda la informaci\u00f3n \u00fatil que necesitas saber antes de partir y para organizar mejor tus vacaciones en camping.\" \/>\n<meta name=\"robots\" content=\"index, follow, max-snippet:-1, max-image-preview:large, max-video-preview:-1\" \/>\n<link rel=\"canonical\" href=\"https:\/\/campingilsergente.it\/es\/informacion-util\/\" \/>\n<meta property=\"og:locale\" content=\"es_ES\" \/>\n<meta property=\"og:type\" content=\"article\" \/>\n<meta property=\"og:title\" content=\"Camping Il Sergente | Informaci\u00f3n \u00fatil\" \/>\n<meta property=\"og:description\" content=\"Toda la informaci\u00f3n \u00fatil que necesitas saber antes de partir y para organizar mejor tus vacaciones en camping.\" \/>\n<meta property=\"og:url\" content=\"https:\/\/campingilsergente.it\/es\/informacion-util\/\" \/>\n<meta property=\"og:site_name\" content=\"campingilsergente\" \/>\n<meta property=\"article:publisher\" content=\"https:\/\/www.facebook.com\/Camping-Il-Sergente-109062715608192\" \/>\n<meta property=\"article:modified_time\" content=\"2023-11-08T09:20:16+00:00\" \/>\n<meta name=\"twitter:card\" content=\"summary_large_image\" \/>\n<meta name=\"twitter:label1\" content=\"Tiempo de lectura\" \/>\n\t<meta name=\"twitter:data1\" content=\"11 minutos\" \/>\n<script type=\"application\/ld+json\" class=\"yoast-schema-graph\">{\"@context\":\"https:\/\/schema.org\",\"@graph\":[{\"@type\":\"WebPage\",\"@id\":\"https:\/\/campingilsergente.it\/es\/informacion-util\/\",\"url\":\"https:\/\/campingilsergente.it\/es\/informacion-util\/\",\"name\":\"Camping Il Sergente | Informaci\u00f3n \u00fatil\",\"isPartOf\":{\"@id\":\"https:\/\/campingilsergente.it\/es\/#website\"},\"datePublished\":\"2023-05-02T13:40:29+00:00\",\"dateModified\":\"2023-11-08T09:20:16+00:00\",\"description\":\"Toda la informaci\u00f3n \u00fatil que necesitas saber antes de partir y para organizar mejor tus vacaciones en camping.\",\"breadcrumb\":{\"@id\":\"https:\/\/campingilsergente.it\/es\/informacion-util\/#breadcrumb\"},\"inLanguage\":\"es\",\"potentialAction\":[{\"@type\":\"ReadAction\",\"target\":[\"https:\/\/campingilsergente.it\/es\/informacion-util\/\"]}]},{\"@type\":\"BreadcrumbList\",\"@id\":\"https:\/\/campingilsergente.it\/es\/informacion-util\/#breadcrumb\",\"itemListElement\":[{\"@type\":\"ListItem\",\"position\":1,\"name\":\"Home\",\"item\":\"https:\/\/campingilsergente.it\/es\/home\/\"},{\"@type\":\"ListItem\",\"position\":2,\"name\":\"Informaci\u00f3n \u00fatil\"}]},{\"@type\":\"WebSite\",\"@id\":\"https:\/\/campingilsergente.it\/es\/#website\",\"url\":\"https:\/\/campingilsergente.it\/es\/\",\"name\":\"campingilsergente\",\"description\":\"Il camping sulla via degli Dei\",\"publisher\":{\"@id\":\"https:\/\/campingilsergente.it\/es\/#organization\"},\"potentialAction\":[{\"@type\":\"SearchAction\",\"target\":{\"@type\":\"EntryPoint\",\"urlTemplate\":\"https:\/\/campingilsergente.it\/es\/?s={search_term_string}\"},\"query-input\":{\"@type\":\"PropertyValueSpecification\",\"valueRequired\":true,\"valueName\":\"search_term_string\"}}],\"inLanguage\":\"es\"},{\"@type\":\"Organization\",\"@id\":\"https:\/\/campingilsergente.it\/es\/#organization\",\"name\":\"camping il sergente\",\"url\":\"https:\/\/campingilsergente.it\/es\/\",\"logo\":{\"@type\":\"ImageObject\",\"inLanguage\":\"es\",\"@id\":\"https:\/\/campingilsergente.it\/es\/#\/schema\/logo\/image\/\",\"url\":\"https:\/\/campingilsergente.it\/wp-content\/uploads\/2023\/04\/Camping-il-Sergente-Logo.png\",\"contentUrl\":\"https:\/\/campingilsergente.it\/wp-content\/uploads\/2023\/04\/Camping-il-Sergente-Logo.png\",\"width\":187,\"height\":254,\"caption\":\"camping il sergente\"},\"image\":{\"@id\":\"https:\/\/campingilsergente.it\/es\/#\/schema\/logo\/image\/\"},\"sameAs\":[\"https:\/\/www.facebook.com\/Camping-Il-Sergente-109062715608192\",\"https:\/\/www.instagram.com\/campingilsergente\/\"]}]}<\/script>\n<!-- \/ Yoast SEO plugin. -->","yoast_head_json":{"title":"Camping Il Sergente | Informaci\u00f3n \u00fatil","description":"Toda la informaci\u00f3n \u00fatil que necesitas saber antes de partir y para organizar mejor tus vacaciones en camping.","robots":{"index":"index","follow":"follow","max-snippet":"max-snippet:-1","max-image-preview":"max-image-preview:large","max-video-preview":"max-video-preview:-1"},"canonical":"https:\/\/campingilsergente.it\/es\/informacion-util\/","og_locale":"es_ES","og_type":"article","og_title":"Camping Il Sergente | Informaci\u00f3n \u00fatil","og_description":"Toda la informaci\u00f3n \u00fatil que necesitas saber antes de partir y para organizar mejor tus vacaciones en camping.","og_url":"https:\/\/campingilsergente.it\/es\/informacion-util\/","og_site_name":"campingilsergente","article_publisher":"https:\/\/www.facebook.com\/Camping-Il-Sergente-109062715608192","article_modified_time":"2023-11-08T09:20:16+00:00","twitter_card":"summary_large_image","twitter_misc":{"Tiempo de lectura":"11 minutos"},"schema":{"@context":"https:\/\/schema.org","@graph":[{"@type":"WebPage","@id":"https:\/\/campingilsergente.it\/es\/informacion-util\/","url":"https:\/\/campingilsergente.it\/es\/informacion-util\/","name":"Camping Il Sergente | Informaci\u00f3n \u00fatil","isPartOf":{"@id":"https:\/\/campingilsergente.it\/es\/#website"},"datePublished":"2023-05-02T13:40:29+00:00","dateModified":"2023-11-08T09:20:16+00:00","description":"Toda la informaci\u00f3n \u00fatil que necesitas saber antes de partir y para organizar mejor tus vacaciones en camping.","breadcrumb":{"@id":"https:\/\/campingilsergente.it\/es\/informacion-util\/#breadcrumb"},"inLanguage":"es","potentialAction":[{"@type":"ReadAction","target":["https:\/\/campingilsergente.it\/es\/informacion-util\/"]}]},{"@type":"BreadcrumbList","@id":"https:\/\/campingilsergente.it\/es\/informacion-util\/#breadcrumb","itemListElement":[{"@type":"ListItem","position":1,"name":"Home","item":"https:\/\/campingilsergente.it\/es\/home\/"},{"@type":"ListItem","position":2,"name":"Informaci\u00f3n \u00fatil"}]},{"@type":"WebSite","@id":"https:\/\/campingilsergente.it\/es\/#website","url":"https:\/\/campingilsergente.it\/es\/","name":"campingilsergente","description":"Il camping sulla via degli Dei","publisher":{"@id":"https:\/\/campingilsergente.it\/es\/#organization"},"potentialAction":[{"@type":"SearchAction","target":{"@type":"EntryPoint","urlTemplate":"https:\/\/campingilsergente.it\/es\/?s={search_term_string}"},"query-input":{"@type":"PropertyValueSpecification","valueRequired":true,"valueName":"search_term_string"}}],"inLanguage":"es"},{"@type":"Organization","@id":"https:\/\/campingilsergente.it\/es\/#organization","name":"camping il sergente","url":"https:\/\/campingilsergente.it\/es\/","logo":{"@type":"ImageObject","inLanguage":"es","@id":"https:\/\/campingilsergente.it\/es\/#\/schema\/logo\/image\/","url":"https:\/\/campingilsergente.it\/wp-content\/uploads\/2023\/04\/Camping-il-Sergente-Logo.png","contentUrl":"https:\/\/campingilsergente.it\/wp-content\/uploads\/2023\/04\/Camping-il-Sergente-Logo.png","width":187,"height":254,"caption":"camping il sergente"},"image":{"@id":"https:\/\/campingilsergente.it\/es\/#\/schema\/logo\/image\/"},"sameAs":["https:\/\/www.facebook.com\/Camping-Il-Sergente-109062715608192","https:\/\/www.instagram.com\/campingilsergente\/"]}]}},"_links":{"self":[{"href":"https:\/\/campingilsergente.it\/es\/wp-json\/wp\/v2\/pages\/1639","targetHints":{"allow":["GET"]}}],"collection":[{"href":"https:\/\/campingilsergente.it\/es\/wp-json\/wp\/v2\/pages"}],"about":[{"href":"https:\/\/campingilsergente.it\/es\/wp-json\/wp\/v2\/types\/page"}],"author":[{"embeddable":true,"href":"https:\/\/campingilsergente.it\/es\/wp-json\/wp\/v2\/users\/1"}],"replies":[{"embeddable":true,"href":"https:\/\/campingilsergente.it\/es\/wp-json\/wp\/v2\/comments?post=1639"}],"version-history":[{"count":5,"href":"https:\/\/campingilsergente.it\/es\/wp-json\/wp\/v2\/pages\/1639\/revisions"}],"predecessor-version":[{"id":1644,"href":"https:\/\/campingilsergente.it\/es\/wp-json\/wp\/v2\/pages\/1639\/revisions\/1644"}],"wp:attachment":[{"href":"https:\/\/campingilsergente.it\/es\/wp-json\/wp\/v2\/media?parent=1639"}],"curies":[{"name":"wp","href":"https:\/\/api.w.org\/{rel}","templated":true}]}}